{"id":9776,"date":"2026-03-10T14:34:24","date_gmt":"2026-03-10T13:34:24","guid":{"rendered":"https:\/\/evropskakuca.rs\/?post_type=izvestaj&#038;p=9776"},"modified":"2026-03-10T14:37:14","modified_gmt":"2026-03-10T13:37:14","slug":"maja-simic-accepted-dobrila-award","status":"publish","type":"izvestaj","link":"https:\/\/evropskakuca.rs\/en\/izvestaj\/maja-simic-accepted-dobrila-award\/","title":{"rendered":"Maja Simi\u0107 accepted Dobrila Award"},"content":{"rendered":"<p data-start=\"43\" data-end=\"191\"><strong>On the occasion of <span class=\"hover:entity-accent entity-underline inline cursor-pointer align-baseline\"><span class=\"whitespace-normal\">International Women\u2019s Day<\/span><\/span>, Dobrila Award was presented to this year\u2019s laureate, <a href=\"https:\/\/europa.rs\/maja-simic-named-2026-laureate-of-the-dobrila-award\/?lang=en\" target=\"_blank\" rel=\"noopener\">Maja Simi\u0107<\/a> from Belgrade.<\/strong><\/p>\n<p data-start=\"193\" data-end=\"745\">\u201cDobrila Award holds a special meaning for me. It is a confirmation that my work has been recognized and valued, but also a strong encouragement for us to continue our fight, stronger, louder, and more determined,\u201d said <span class=\"hover:entity-accent entity-underline inline cursor-pointer align-baseline\"><span class=\"whitespace-normal\">Maja Simi\u0107<\/span><\/span>, this year\u2019s recipient of the Dobrila Award. She was honored for her dedicated work in the community as a pedagogical assistant and a <strong>representative of the younger generation of Roma activists<\/strong>, as well as for exemplifying an individual\u2019s unwavering belief in their role within the community.<\/p>\n<p data-start=\"747\" data-end=\"926\">Simi\u0107 was presented with the Dobrila Award, a bronze sculpture titled <strong data-start=\"816\" data-end=\"849\">\u201cKlupko\u201d<\/strong> created by renowned Serbian sculptor <span class=\"hover:entity-accent entity-underline inline cursor-pointer align-baseline\"><span class=\"whitespace-normal\">Marina Ni\u0107iforovi\u0107<\/span><\/span>.<\/p>\n<p data-start=\"928\" data-end=\"1362\" data-is-last-node=\"\" data-is-only-node=\"\">Deputy Head of the <span class=\"hover:entity-accent entity-underline inline cursor-pointer align-baseline\"><span class=\"whitespace-normal\">Delegation of the European Union to Serbia<\/span><\/span>, <strong><span class=\"hover:entity-accent entity-underline inline cursor-pointer align-baseline\"><span class=\"whitespace-normal\">Plamena Halacheva<\/span><\/span><\/strong>, noted that the gathering was inspired by the remarkable legacy of <span class=\"hover:entity-accent entity-underline inline cursor-pointer align-baseline\"><span class=\"whitespace-normal\">Dobrila Vasiljevi\u0107 Smiljani\u0107<\/span><\/span>, a pioneer of women\u2019s emancipation in western Serbia. She emphasized that although Dobrila is no longer with us, her legacy lives on and will continue to inspire efforts to break down barriers and strengthen the empowerment of women.<\/p>\n<p data-start=\"928\" data-end=\"1362\" data-is-last-node=\"\" data-is-only-node=\"\"><img fetchpriority=\"high\" decoding=\"async\" class=\"alignnone size-large wp-image-9777\" src=\"https:\/\/evropskakuca.rs\/wp-content\/uploads\/2026\/03\/MRI_0548-1024x683.jpg\" alt=\"\" width=\"1024\" height=\"683\" srcset=\"https:\/\/evropskakuca.rs\/wp-content\/uploads\/2026\/03\/MRI_0548-1024x683.jpg 1024w, https:\/\/evropskakuca.rs\/wp-content\/uploads\/2026\/03\/MRI_0548-300x200.jpg 300w, https:\/\/evropskakuca.rs\/wp-content\/uploads\/2026\/03\/MRI_0548-768x512.jpg 768w, https:\/\/evropskakuca.rs\/wp-content\/uploads\/2026\/03\/MRI_0548-1536x1024.jpg 1536w, https:\/\/evropskakuca.rs\/wp-content\/uploads\/2026\/03\/MRI_0548-2048x1365.jpg 2048w, https:\/\/evropskakuca.rs\/wp-content\/uploads\/2026\/03\/MRI_0548-552x368.jpg 552w\" sizes=\"(max-width: 1024px) 100vw, 1024px\" \/><\/p>\n<blockquote>\n<p style=\"padding-left: 40px;\" data-start=\"0\" data-end=\"369\">\u201c<strong data-start=\"1\" data-end=\"110\">This award is a call to action. It reminds us that progress requires the commitment of the entire society<\/strong>,\u201d Hala\u010deva said, stressing that Maja\u2019s story is not only inspiring but also a reminder that a future in which every woman and girl in Serbia and beyond can freely pursue her dreams is possible, and that they will have the full support of the EU on that path.<\/p>\n<p style=\"padding-left: 40px;\" data-start=\"371\" data-end=\"1123\" data-is-last-node=\"\" data-is-only-node=\"\">\u201cFor many Roma women, the struggle for dignity and equality is deeply personal. Growing up in communities that often face poverty, discrimination, and exclusion, Roma women learn early on how difficult it can be for their voices to be heard. They fight not only against the prejudices of the outside world, but sometimes also against traditional expectations within their own communities. Yet many Roma women continue to demonstrate remarkable strength and resilience, seeking education, supporting their families, and advocating for their rights. <strong>Their stories are stories of courage, of preserving identity and culture while striving for a future<\/strong> in which Roma girls will grow up with greater opportunities, respect, and freedom,\u201d Hala\u010deva emphasized.<\/p>\n<\/blockquote>\n<p data-start=\"371\" data-end=\"1123\" data-is-last-node=\"\" data-is-only-node=\"\"><img decoding=\"async\" class=\"alignnone size-large wp-image-9778\" src=\"https:\/\/evropskakuca.rs\/wp-content\/uploads\/2026\/03\/MRI_0328-1024x683.jpg\" alt=\"\" width=\"1024\" height=\"683\" srcset=\"https:\/\/evropskakuca.rs\/wp-content\/uploads\/2026\/03\/MRI_0328-1024x683.jpg 1024w, https:\/\/evropskakuca.rs\/wp-content\/uploads\/2026\/03\/MRI_0328-300x200.jpg 300w, https:\/\/evropskakuca.rs\/wp-content\/uploads\/2026\/03\/MRI_0328-768x512.jpg 768w, https:\/\/evropskakuca.rs\/wp-content\/uploads\/2026\/03\/MRI_0328-1536x1024.jpg 1536w, https:\/\/evropskakuca.rs\/wp-content\/uploads\/2026\/03\/MRI_0328-2048x1365.jpg 2048w, https:\/\/evropskakuca.rs\/wp-content\/uploads\/2026\/03\/MRI_0328-552x368.jpg 552w\" sizes=\"(max-width: 1024px) 100vw, 1024px\" \/><\/p>\n<p data-start=\"0\" data-end=\"208\">The President of the Jury, <strong><span class=\"hover:entity-accent entity-underline inline cursor-pointer align-baseline\"><span class=\"whitespace-normal\">Marija \u0110or\u0111evi\u0107<\/span><\/span><\/strong>, noted that the jury faced a difficult task, as <span class=\"hover:entity-accent entity-underline inline cursor-pointer align-baseline\"><span class=\"whitespace-normal\">Maja Simi\u0107<\/span><\/span>\u2019s nomination was selected from among <strong data-start=\"188\" data-end=\"207\">37 applications<\/strong>.<\/p>\n<blockquote>\n<p style=\"padding-left: 40px;\" data-start=\"210\" data-end=\"694\">\u201cThe impressive results of Maja Simi\u0107\u2019s work, achieved over the course of her adult life, send a clear message to society as a whole that the <strong>issue of emancipation is always contemporary and permanently relevant.<\/strong> Only if the ideas of equality, the right to education, equal working conditions, freedom of expression, and the willingness to take responsibility are nurtured from the earliest age can they help make the world, step by step a better place,\u201d the jury president emphasized.<\/p>\n<\/blockquote>\n<p data-start=\"696\" data-end=\"958\" data-is-last-node=\"\" data-is-only-node=\"\">The award is named after <strong><span class=\"hover:entity-accent entity-underline inline cursor-pointer align-baseline\"><span class=\"whitespace-normal\">Dobrila Vasiljevi\u0107 Smiljani\u0107<\/span><\/span><\/strong>, a pioneer and advocate of women\u2019s emancipation who dedicated her professional life to advancing the economic and social equality of women in the rural areas of <span class=\"hover:entity-accent entity-underline inline cursor-pointer align-baseline\"><span class=\"whitespace-normal\">Zlatibor<\/span><\/span>.<\/p>\n<p data-start=\"696\" data-end=\"958\" data-is-last-node=\"\" data-is-only-node=\"\"><img decoding=\"async\" class=\"alignnone size-large wp-image-9779\" src=\"https:\/\/evropskakuca.rs\/wp-content\/uploads\/2026\/03\/MRI_1039-1024x683.jpg\" alt=\"\" width=\"1024\" height=\"683\" srcset=\"https:\/\/evropskakuca.rs\/wp-content\/uploads\/2026\/03\/MRI_1039-1024x683.jpg 1024w, https:\/\/evropskakuca.rs\/wp-content\/uploads\/2026\/03\/MRI_1039-300x200.jpg 300w, https:\/\/evropskakuca.rs\/wp-content\/uploads\/2026\/03\/MRI_1039-768x512.jpg 768w, https:\/\/evropskakuca.rs\/wp-content\/uploads\/2026\/03\/MRI_1039-1536x1024.jpg 1536w, https:\/\/evropskakuca.rs\/wp-content\/uploads\/2026\/03\/MRI_1039-2048x1365.jpg 2048w, https:\/\/evropskakuca.rs\/wp-content\/uploads\/2026\/03\/MRI_1039-552x368.jpg 552w\" sizes=\"(max-width: 1024px) 100vw, 1024px\" \/><\/p>\n<blockquote>\n<p style=\"padding-left: 40px;\" data-start=\"0\" data-end=\"352\">\u201cThis award bears the name of <span class=\"hover:entity-accent entity-underline inline cursor-pointer align-baseline\"><span class=\"whitespace-normal\">Dobrila Vasiljevi\u0107 Smiljani\u0107<\/span><\/span>, a woman who showed us that no dream is unattainable when there is courage, vision, and perseverance. Her story reminds us that an idea may begin in a small community, but through hard work and dedication it can reach the global stage,\u201d said <span class=\"hover:entity-accent entity-underline inline cursor-pointer align-baseline\"><span class=\"whitespace-normal\">Maja Simi\u0107<\/span><\/span>.<\/p>\n<p style=\"padding-left: 40px;\" data-start=\"354\" data-end=\"769\">\u201c<strong>I come from the Roma community and carry with me the stories, strength, and burdens of the women who came before me<\/strong>, my mother, grandmothers, and great-grandmothers\u2014who often did not have the opportunity to complete even primary school. The fact that today I stand here as a university student, as a young woman who has the opportunity to speak, work, and create, represents a major step forward for me.\u201d<\/p>\n<\/blockquote>\n<p data-start=\"771\" data-end=\"1293\"><a href=\"https:\/\/europa.rs\/maja-simic-named-2026-laureate-of-the-dobrila-award\/?lang=en\" target=\"_blank\" rel=\"noopener\"><strong>Maja Simi\u0107<\/strong><\/a> is the founder of the <a href=\"https:\/\/www.instagram.com\/roms_srbija\/\" target=\"_blank\" rel=\"noopener\"><strong><span class=\"hover:entity-accent entity-underline inline cursor-pointer align-baseline\"><span class=\"whitespace-normal\">Roma Youth Organization of Serbia<\/span><\/span><\/strong><\/a> and an active member of the <strong><span class=\"hover:entity-accent entity-underline inline cursor-pointer align-baseline\"><span class=\"whitespace-normal\">Roma Women\u2019s Network of Serbia<\/span><\/span>.<\/strong> A student, educator, mentor, and activist, she is a successor to generations of Roma women who have nurtured and preserved the struggle for gender emancipation, aware that every freedom won, even the smallest, must be protected and continually re-examined. These are women who understand that solidarity and mutual understanding are the essential foundations of any successful struggle.<\/p>\n<p data-start=\"1295\" data-end=\"1577\">Her dedication reflects the importance and achievements of the tireless work of those who came before her, women who raised a new generation of modern heroines: women who are self-defined and outspoken, and who see caring for their community as a privilege, not merely an obligation.<\/p>\n<p data-start=\"1579\" data-end=\"1623\">The decision was made by a jury composed of:<\/p>\n<ul data-start=\"1625\" data-end=\"2070\">\n<li data-section-id=\"1bv1bb9\" data-start=\"1625\" data-end=\"1703\">\n<p data-start=\"1627\" data-end=\"1703\"><span class=\"hover:entity-accent entity-underline inline cursor-pointer align-baseline\"><span class=\"whitespace-normal\">Marija \u0110or\u0111evi\u0107<\/span><\/span>, President of the Dobrila Award Jury<\/p>\n<\/li>\n<li data-section-id=\"6ylrdw\" data-start=\"1704\" data-end=\"1784\">\n<p data-start=\"1706\" data-end=\"1784\"><span class=\"hover:entity-accent entity-underline inline cursor-pointer align-baseline\"><span class=\"whitespace-normal\">Ana Mileni\u0107<\/span><\/span>, <span class=\"hover:entity-accent entity-underline inline cursor-pointer align-baseline\"><span class=\"whitespace-normal\">Delegation of the European Union to Serbia<\/span><\/span><\/p>\n<\/li>\n<li data-section-id=\"xvj6o6\" data-start=\"1785\" data-end=\"1886\">\n<p data-start=\"1787\" data-end=\"1886\"><span class=\"hover:entity-accent entity-underline inline cursor-pointer align-baseline\"><span class=\"whitespace-normal\">Gordana Goga Grubje\u0161i\u0107<\/span><\/span>, Creative Director of <span class=\"hover:entity-accent entity-underline inline cursor-pointer align-baseline\"><span class=\"whitespace-normal\">SuperStar Culture<\/span><\/span><\/p>\n<\/li>\n<li data-section-id=\"1ml24ck\" data-start=\"1887\" data-end=\"1985\">\n<p data-start=\"1889\" data-end=\"1985\"><span class=\"hover:entity-accent entity-underline inline cursor-pointer align-baseline\"><span class=\"whitespace-normal\">Svetlana \u0106aldovi\u0107<\/span><\/span>, Director of the <span class=\"hover:entity-accent entity-underline inline cursor-pointer align-baseline\"><span class=\"whitespace-normal\">Open-Air Museum \u201cStaro selo Sirogojno\u201d<\/span><\/span><\/p>\n<\/li>\n<li data-section-id=\"1y35ais\" data-start=\"1986\" data-end=\"2070\">\n<p data-start=\"1988\" data-end=\"2070\"><span class=\"hover:entity-accent entity-underline inline cursor-pointer align-baseline\"><span class=\"whitespace-normal\">Daliborka Nikoli\u0107<\/span><\/span>, <span class=\"hover:entity-accent entity-underline inline cursor-pointer align-baseline\"><span class=\"whitespace-normal\">European House Belgrade<\/span><\/span><\/p>\n<\/li>\n<\/ul>\n<p data-start=\"2072\" data-end=\"2133\">The explanation of the jury\u2019s decision can be found <a href=\"https:\/\/europa.rs\/wp-content\/uploads\/2026\/03\/DOBRILA-2026_Obrazlozenje-zirija.pdf\" target=\"_blank\" rel=\"noopener\"><strong data-start=\"2124\" data-end=\"2132\">HERE<\/strong>.<\/a><\/p>\n<p data-start=\"2135\" data-end=\"2983\"><a href=\"https:\/\/europa.rs\/dobrila-award-for-personal-contribution-to-women-empowerment\/?lang=en\" target=\"_blank\" rel=\"noopener\"><strong data-start=\"2139\" data-end=\"2156\">Dobrila Award<\/strong>,<\/a> introduced by the <span class=\"hover:entity-accent entity-underline inline cursor-pointer align-baseline\"><span class=\"whitespace-normal\">Delegation of the European Union to Serbia<\/span><\/span> on <span class=\"hover:entity-accent entity-underline inline cursor-pointer align-baseline\"><span class=\"whitespace-normal\">International Women\u2019s Day<\/span><\/span> in 2024, is presented annually to individuals, organizations, and institutions for their contribution to defining and supporting emancipatory practices in communities that society has defined as marginalized or minority groups. Established at the initiative of <span class=\"hover:entity-accent entity-underline inline cursor-pointer align-baseline\"><span class=\"whitespace-normal\">Gordana Goga Grubje\u0161i\u0107<\/span><\/span>, the award is dedicated to local and community initiatives that encourage intergenerational exchange of knowledge, skills, and values, as well as to individuals whose exceptional dedication and passion have made them drivers of social change, paving the way for future generations in new struggles for equality. The award is presented each year in connection with the celebration of <span class=\"hover:entity-accent entity-underline inline cursor-pointer align-baseline\"><span class=\"whitespace-normal\">International Women\u2019s Day<\/span><\/span>.<\/p>\n<p data-start=\"2985\" data-end=\"3036\"><strong data-start=\"2985\" data-end=\"3036\">Rights. Equality. Now! For all women and girls.<\/strong><\/p>\n<p data-start=\"3038\" data-end=\"3103\" data-is-last-node=\"\" data-is-only-node=\"\">#ForAllWomenAndGirls #InternationalWomensDay2026 #DobrilaAward<\/p>\n","protected":false},"excerpt":{"rendered":"<p>On the occasion of International Women\u2019s Day, Dobrila Award was presented to this year\u2019s laureate, Maja Simi\u0107 from Belgrade. \u201cDobrila Award holds a special meaning for me. It is a confirmation that my work has been recognized and valued, but also a strong encouragement for us to continue our fight, stronger, louder, and more determined,\u201d [&hellip;]<\/p>\n","protected":false},"author":11,"featured_media":9775,"template":"","format":"standard","meta":{"_acf_changed":false,"footnotes":""},"class_list":["post-9776","izvestaj","type-izvestaj","status-publish","format-standard","has-post-thumbnail","hentry"],"acf":{"Grad":"Beograd","Vreme":"20260309","vreme_zavrsetka":"20260309","test_ripiter":null,"Kategorija":false},"_links":{"self":[{"href":"https:\/\/evropskakuca.rs\/en\/wp-json\/wp\/v2\/izvestaj\/9776","targetHints":{"allow":["GET"]}}],"collection":[{"href":"https:\/\/evropskakuca.rs\/en\/wp-json\/wp\/v2\/izvestaj"}],"about":[{"href":"https:\/\/evropskakuca.rs\/en\/wp-json\/wp\/v2\/types\/izvestaj"}],"author":[{"embeddable":true,"href":"https:\/\/evropskakuca.rs\/en\/wp-json\/wp\/v2\/users\/11"}],"version-history":[{"count":1,"href":"https:\/\/evropskakuca.rs\/en\/wp-json\/wp\/v2\/izvestaj\/9776\/revisions"}],"predecessor-version":[{"id":9780,"href":"https:\/\/evropskakuca.rs\/en\/wp-json\/wp\/v2\/izvestaj\/9776\/revisions\/9780"}],"wp:featuredmedia":[{"embeddable":true,"href":"https:\/\/evropskakuca.rs\/en\/wp-json\/wp\/v2\/media\/9775"}],"wp:attachment":[{"href":"https:\/\/evropskakuca.rs\/en\/wp-json\/wp\/v2\/media?parent=9776"}],"curies":[{"name":"wp","href":"https:\/\/api.w.org\/{rel}","templated":true}]}}